{"id":710,"date":"2022-03-22T10:37:41","date_gmt":"2022-03-22T09:37:41","guid":{"rendered":"http:\/\/serrechevtt.yepyepdesign.com\/bp121509-ovh\/school-equipment\/"},"modified":"2026-03-05T08:55:29","modified_gmt":"2026-03-05T07:55:29","slug":"school-equipment","status":"publish","type":"page","link":"https:\/\/serrechevtt.fr\/en\/school-equipment\/","title":{"rendered":"SCHOOL \/ EQUIPMENT \/ LODGE"},"content":{"rendered":"<p>[et_pb_section fb_built=&#8221;1&#8243; _builder_version=&#8221;4.16&#8243; _module_preset=&#8221;default&#8221; background_color=&#8221;#1A4386&#8243; global_colors_info=&#8221;{}&#8221;][et_pb_row _builder_version=&#8221;4.16&#8243; _module_preset=&#8221;default&#8221; global_colors_info=&#8221;{}&#8221;][et_pb_column type=&#8221;4_4&#8243; _builder_version=&#8221;4.16&#8243; _module_preset=&#8221;default&#8221; global_colors_info=&#8221;{}&#8221;][dsm_block_reveal_text block_reveal_text=&#8221;@ET-DC@eyJkeW5hbWljIjp0cnVlLCJjb250ZW50IjoicG9zdF90aXRsZSIsInNldHRpbmdzIjp7ImJlZm9yZSI6IiIsImFmdGVyIjoiIn19@&#8221; heading_html_tag=&#8221;h1&#8243; block_reveal_color=&#8221;#FFFFFF&#8221; _builder_version=&#8221;4.16&#8243; _dynamic_attributes=&#8221;block_reveal_text&#8221; _module_preset=&#8221;default&#8221; header_font=&#8221;Montserrat|800||on|||||&#8221; header_text_align=&#8221;center&#8221; header_text_color=&#8221;#FFFFFF&#8221; global_colors_info=&#8221;{}&#8221;][\/dsm_block_reveal_text][et_pb_text _builder_version=&#8221;4.25.2&#8243; _module_preset=&#8221;default&#8221; text_text_color=&#8221;#FFFFFF&#8221; header_font=&#8221;|||on|||||&#8221; header_text_align=&#8221;center&#8221; header_2_text_color=&#8221;#FFFFFF&#8221; header_2_font_size=&#8221;18px&#8221; text_orientation=&#8221;center&#8221; animation_style=&#8221;slide&#8221; animation_direction=&#8221;bottom&#8221; global_colors_info=&#8221;{}&#8221;]<\/p>\n<p><img loading=\"lazy\" decoding=\"async\" class=\"wp-image-430 alignnone size-medium\" src=\"https:\/\/serrechevtt.fr\/wp-content\/uploads\/2022\/04\/logo-serrechevtt-white-300x165.png\" alt=\"\" width=\"300\" height=\"165\" \/><\/p>\n<p>[\/et_pb_text][\/et_pb_column][\/et_pb_row][\/et_pb_section][et_pb_section fb_built=&#8221;1&#8243; _builder_version=&#8221;4.16&#8243; _module_preset=&#8221;default&#8221; custom_padding=&#8221;0px|||||&#8221; global_colors_info=&#8221;{}&#8221;][et_pb_row _builder_version=&#8221;4.16&#8243; _module_preset=&#8221;default&#8221; width=&#8221;100%&#8221; max_width=&#8221;100%&#8221; custom_padding=&#8221;0px||0px|||&#8221; locked=&#8221;off&#8221; global_colors_info=&#8221;{}&#8221;][et_pb_column type=&#8221;4_4&#8243; _builder_version=&#8221;4.16&#8243; _module_preset=&#8221;default&#8221; global_colors_info=&#8221;{}&#8221;]<\/p>\n<p>[et_pb_gallery gallery_ids=&#8221;1538,1449,1451,1406&#8243; fullwidth=&#8221;on&#8221; _builder_version=&#8221;4.27.6&#8243; _module_preset=&#8221;default&#8221; auto=&#8221;on&#8221; auto_speed=&#8221;4000&#8243; hover_enabled=&#8221;0&#8243; global_colors_info=&#8221;{}&#8221; sticky_enabled=&#8221;0&#8243;][\/et_pb_gallery]<\/p>\n<p>[\/et_pb_column][\/et_pb_row][et_pb_row _builder_version=&#8221;4.27.4&#8243; _module_preset=&#8221;default&#8221; custom_margin=&#8221;50px||||false|false&#8221; global_colors_info=&#8221;{}&#8221;][et_pb_column type=&#8221;4_4&#8243; _builder_version=&#8221;4.27.4&#8243; _module_preset=&#8221;default&#8221; global_colors_info=&#8221;{}&#8221;][et_pb_text _builder_version=&#8221;4.17.3&#8243; _module_preset=&#8221;default&#8221; header_font=&#8221;||||||||&#8221; header_4_font=&#8221;|700||on|||||&#8221; header_4_text_align=&#8221;center&#8221; header_4_font_size=&#8221;33px&#8221; global_colors_info=&#8221;{}&#8221;]<\/p>\n<h4>Our mountain bike school<\/h4>\n<p><\/p>\n<h4>\u2014<\/h4>\n<p><\/p>\n<h4>\u00a0<\/h4>\n<p>[\/et_pb_text][\/et_pb_column][\/et_pb_row][et_pb_row column_structure=&#8221;3_5,2_5&#8243; _builder_version=&#8221;4.16&#8243; _module_preset=&#8221;default&#8221; custom_margin=&#8221;||50px||false|false&#8221; global_colors_info=&#8221;{}&#8221;][et_pb_column type=&#8221;3_5&#8243; _builder_version=&#8221;4.16&#8243; _module_preset=&#8221;default&#8221; global_colors_info=&#8221;{}&#8221;][et_pb_image src=&#8221;https:\/\/serrechevtt.fr\/wp-content\/uploads\/2026\/03\/moniteurs-01.jpg&#8221; title_text=&#8221;moniteurs-01&#8243; _builder_version=&#8221;4.27.6&#8243; _module_preset=&#8221;default&#8221; hover_enabled=&#8221;0&#8243; global_colors_info=&#8221;{}&#8221; sticky_enabled=&#8221;0&#8243;][\/et_pb_image][et_pb_text _builder_version=&#8221;4.17.3&#8243; _module_preset=&#8221;default&#8221; global_colors_info=&#8221;{}&#8221;]<\/p>\n<div>Since 2017, Serre Che VTT, has united many instructors and clients.\u00a0 Due to professionalism and expertise, the school lives up to its reputation.<\/div>\n<p><\/p>\n<div>Currently we are a team of 14 very versatile instructors, some former competitors and each one of us is here to help you enjoy mountain biking and itching to show you our favorite rides.<\/div>\n<p><\/p>\n<div>You\u2019ll have the chance to ride our different bike models that we renew every season and are serviced after every ride. Comfort and quality is guaranteed.<\/div>\n<p><\/p>\n<div>Our school is ideally located, spacious and modern, in the heart of the village, La Salle Les Alpes, a stone&#8217;s throw from the BMX course and the start of the ski lifts.<\/div>\n<p><\/p>\n<div>Come and see for yourself !!!<\/div>\n<p>[\/et_pb_text][\/et_pb_column][et_pb_column type=&#8221;2_5&#8243; _builder_version=&#8221;4.16&#8243; _module_preset=&#8221;default&#8221; global_colors_info=&#8221;{}&#8221;][dsm_card_carousel slide_to_show=&#8221;1&#8243; pause_on_hover=&#8221;on&#8221; space_between=&#8221;0&#8243; equal_height=&#8221;on&#8221; dots=&#8221;off&#8221; _builder_version=&#8221;4.25.2&#8243; _module_preset=&#8221;default&#8221; header_font=&#8221;|700||on|||||&#8221; subhead_font=&#8221;|700|||||||&#8221; custom_margin=&#8221;||0px||false|false&#8221; global_colors_info=&#8221;{}&#8221;][dsm_card_carousel_child title=&#8221;Greg b | FR &#8211; EN&#8221; subtitle=&#8221;Sp\u00e9cialit\u00e9 Enduro \/ All Mountain \/ BIKE PARK&#8221; image=&#8221;https:\/\/serrechevtt.fr\/wp-content\/uploads\/2024\/06\/GREG_01.jpg&#8221; image_background_size=&#8221;contain&#8221; button_url_new_window=&#8221;1&#8243; _builder_version=&#8221;4.25.1&#8243; _module_preset=&#8221;default&#8221; global_colors_info=&#8221;{}&#8221; parent_button=&#8221;off&#8221; parent_header_level=&#8221;h4&#8243;]<\/p>\n<div>Serre Che VTT is fortunate to have a team of instructors who are ultra versatile, competent and above all very friendly !!!<b> <\/b><\/div>\n<p><\/p>\n<div>Each of us will do our ultimate best to ensure you have a great time on your mountain bike, whether you are a child or an adult, a beginner or an expert, our teaching style and approach to this sport will make you feel confident and allow you discover our incredible region regardless of your level.<\/div>\n<p><\/p>\n<div>Our mountain bikes are adapted to the selected tour\/ride.<\/div>\n<p>[\/dsm_card_carousel_child][dsm_card_carousel_child title=&#8221;Gaby | FR -EN&#8221; subtitle=&#8221;Sp\u00e9cialit\u00e9 Enduro \/ All Mountain \/ BMX \/ Bike park&#8221; image=&#8221;https:\/\/serrechevtt.fr\/wp-content\/uploads\/2024\/06\/GABI_01.jpg&#8221; image_background_size=&#8221;contain&#8221; button_url_new_window=&#8221;1&#8243; _builder_version=&#8221;4.25.1&#8243; _module_preset=&#8221;default&#8221; global_colors_info=&#8221;{}&#8221; parent_button=&#8221;off&#8221; parent_header_level=&#8221;h4&#8243;]<\/p>\n<p>Passionn\u00e9 de VTT depuis tout petit. J\u2019ai \u00e9volu\u00e9 dans un club de cross-country\u2019 et trial, avant de me tourner vers la montagne, l\u2019enduro et le all-mountain. Plut\u00f4t endurant, j\u2019appr\u00e9cie autant les longues mont\u00e9es que les descentes techniques, les gros jumps et les chutes mais surtout sachez que je ne serai jamais \u00e0 court de blagues !<\/p>\n<p>[\/dsm_card_carousel_child][dsm_card_carousel_child title=&#8221;Etienne | FR &#8211; EN &#8211; ES&#8221; subtitle=&#8221;Sp\u00e9cialit\u00e9 All Mountain \/ enduro&#8221; image=&#8221;https:\/\/serrechevtt.fr\/wp-content\/uploads\/2024\/06\/ETIENNE_01-1.jpg&#8221; image_background_size=&#8221;contain&#8221; button_url_new_window=&#8221;1&#8243; _builder_version=&#8221;4.25.1&#8243; _module_preset=&#8221;default&#8221; global_colors_info=&#8221;{}&#8221; parent_button=&#8221;off&#8221; parent_header_level=&#8221;h4&#8243;]<\/p>\n<p>Natif du Brian\u00e7onnais et passionn\u00e9 par la montagne et tout ce qui en d\u00e9coule, vous passerez en ma compagnie un pur moment au guidon de votre v\u00e9lo. Mon dicton pr\u00e9f\u00e9r\u00e9 \u00ab allez !!! On est bient\u00f4t arriv\u00e9 \u00bb. Je saurais vous motiver, vous coacher et surtout trouver les trails les mieux adapt\u00e9s \u00e0 votre niveau et groupe. En plus , l\u2019histoire de nos vall\u00e9es n\u2019a pas de secret pour moi. Allez venez on va s\u2019\u00e9clater !!!<\/p>\n<p>[\/dsm_card_carousel_child][dsm_card_carousel_child title=&#8221;Yann | &lt;img src=%22https:\/\/serrechevtt.fr\/wp-content\/uploads\/2022\/05\/FLAG-FR.gif%22 alt=%22%22&gt;  &lt;img src=%22https:\/\/serrechevtt.fr\/wp-content\/uploads\/2022\/05\/FLAG-en.gif%22 alt=%22%22&gt;  &lt;img src=%22https:\/\/serrechevtt.fr\/wp-content\/uploads\/2022\/05\/FLAG-es.gif%22 alt=%22%22&gt;&#8221; subtitle=&#8221;Sp\u00e9cialit\u00e9 Enduro \/ All Mountain \/ BIKE PARK&#8221; image=&#8221;https:\/\/serrechevtt.fr\/wp-content\/uploads\/2024\/06\/yann_01.jpg&#8221; image_background_size=&#8221;contain&#8221; button_url_new_window=&#8221;1&#8243; _builder_version=&#8221;4.25.1&#8243; _module_preset=&#8221;default&#8221; global_colors_info=&#8221;{}&#8221; parent_button=&#8221;off&#8221; parent_header_level=&#8221;h4&#8243;]<\/p>\n<p>Je m\u2019appelle Yann, et j\u2019ai grandi dans les Alpes Maritimes. C\u2019est sur ce terrain sec et cassant que j\u2019ai commenc\u00e9 le VTT : quelques bonnes boites m\u2019ont tout de suite fait adorer ce sport ! Je me suis install\u00e9 dans les Hautes Alpes en 2005, et j\u2019ai vite trouv\u00e9 le sol plus meuble pour accueillir mes exploits a\u00e9riens involontaires : parfait pour des atterrissages en douceur, que ce soit sur le v\u00e9lo ou \u00e0 c\u00f4t\u00e9\u2026 C\u2019est ce qui m\u2019a convaincu de rouler encore plus, et j\u2019ai m\u00eame commenc\u00e9 \u00e0 progresser! j\u2019ai pass\u00e9 mon dipl\u00f4me de moniteur VTT en 2014, et je roule beaucoup en montagne. Ce que j\u2019adore, c\u2019est partager des moments avec des copains sur les singles d\u2019ici et d\u2019ailleurs.<\/p>\n<p>[\/dsm_card_carousel_child][dsm_card_carousel_child title=&#8221;Niels | FR &#8211; EN&#8221; subtitle=&#8221;Sp\u00e9cialit\u00e9 Enduro \/ All Mountain \/ BIKE PARK \/ kids&#8221; image=&#8221;https:\/\/serrechevtt.fr\/wp-content\/uploads\/2024\/06\/NIELS_01.jpg&#8221; image_background_size=&#8221;contain&#8221; button_url_new_window=&#8221;1&#8243; _builder_version=&#8221;4.25.1&#8243; _module_preset=&#8221;default&#8221; global_colors_info=&#8221;{}&#8221; parent_button=&#8221;off&#8221; parent_header_level=&#8221;h4&#8243;]<\/p>\n<p>Je pratique le Vtt depuis mes 15 ans ! C\u2019est cette passion qui m\u2019a pouss\u00e9 \u00e0 quitter Paris pour les Alpes il y a une dizaine d\u2019ann\u00e9es. Que vous soyez partant pour une sortie Vtt en famille au rythme de la Guisane ou une sortie enduro bien muscl\u00e9e je serais ravi de vous encadrer et de vous en faire profiter au maximum. Le bikepark est \u00e9galement le genre de terrain sur lequel je pourrais vous faire progresser quel que soit votre niveau. Au plaisir de vous retrouver au guidon d\u2019un Vtt !!<\/p>\n<p>[\/dsm_card_carousel_child][dsm_card_carousel_child title=&#8221;Antoine | FR &#8211; EN&#8221; subtitle=&#8221;Sp\u00e9cialit\u00e9 Enduro \/ All Mountain \/ kids&#8221; image=&#8221;https:\/\/serrechevtt.fr\/wp-content\/uploads\/2024\/06\/ANTOINE_01.jpg&#8221; image_background_size=&#8221;contain&#8221; button_url_new_window=&#8221;1&#8243; _builder_version=&#8221;4.25.1&#8243; _module_preset=&#8221;default&#8221; global_colors_info=&#8221;{}&#8221; parent_button=&#8221;off&#8221; parent_header_level=&#8221;h4&#8243;]<\/p>\n<p>Passionn\u00e9 de montagne, de nature et de voyage depuis mon enfance j\u2019essaie de profiter pleinement de la vie !!! Originaire de Serre Chevalier je suis un Cr\u00e9tin des Alpes comme on dit. Parcourir en bike les singles de notre magnifique r\u00e9gion c\u2019est top et c\u2019 est encore mieux quand on se perd pas !!! Plus \u00e0 l\u2019aise en enduro que en bike park je trouve que le v\u00e9lo est un formidable outil de d\u00e9placement de plaisir et une grande vari\u00e9t\u00e9 d\u2019 apprentissage il y en a pour tous les go\u00fbts. L\u2019 objectif progresser, d\u00e9couvrir et surtout se faire plaisir, revenir de la session bike avec le sourire jusqu\u2019aux oreilles moi c\u2019est ca qui me fait vibrer.<\/p>\n<p>[\/dsm_card_carousel_child][\/dsm_card_carousel][\/et_pb_column][\/et_pb_row][et_pb_row column_structure=&#8221;1_2,1_2&#8243; use_custom_gutter=&#8221;on&#8221; gutter_width=&#8221;4&#8243; _builder_version=&#8221;4.27.4&#8243; _module_preset=&#8221;default&#8221; custom_margin=&#8221;||50px||false|false&#8221; global_colors_info=&#8221;{}&#8221;][et_pb_column type=&#8221;1_2&#8243; _builder_version=&#8221;4.16&#8243; _module_preset=&#8221;default&#8221; global_colors_info=&#8221;{}&#8221;][et_pb_text _builder_version=&#8221;4.25.1&#8243; _module_preset=&#8221;default&#8221; header_font=&#8221;||||||||&#8221; header_4_font=&#8221;|700||on|||||&#8221; header_4_text_align=&#8221;center&#8221; header_4_font_size=&#8221;33px&#8221; global_colors_info=&#8221;{}&#8221;]<\/p>\n<h4>Our bikes &amp; second-hand bikes<\/h4>\n<p><\/p>\n<h4>\u2014<\/h4>\n<p><\/p>\n<h4>\u00a0<\/h4>\n<p>[\/et_pb_text][et_pb_text _builder_version=&#8221;4.27.4&#8243; _module_preset=&#8221;default&#8221; global_colors_info=&#8221;{}&#8221;]<\/p>\n<p>Notre park de VTT sert exclusivement \u00e0 l&#8217;encadrement de notre client\u00e8le, ils sont r\u00e9vis\u00e9s et entretenus apr\u00e8s chaque sortie. Nous avons quasiment que des VTT neufs de la saison et tout suspendus, all-mountain, Enduro, 24p, etc&#8230;. Les marques sur lesquelles vous roulerez sont : Lapierre, Polygon, Trek, Rossignol, etc&#8230;<a href=\"http:\/\/www.occasionvtt.com\" target=\"_blank\" rel=\"noopener\">En savoir +<\/a><\/p>\n<p>[\/et_pb_text][et_pb_image src=&#8221;https:\/\/serrechevtt.fr\/wp-content\/uploads\/2025\/03\/LOGO-GODBIKE-800.png&#8221; title_text=&#8221;LOGO-GODBIKE-800&#8243; url=&#8221;https:\/\/occasionvtt.com\/&#8221; url_new_window=&#8221;on&#8221; _builder_version=&#8221;4.27.4&#8243; _module_preset=&#8221;default&#8221; width=&#8221;43%&#8221; module_alignment=&#8221;center&#8221; global_colors_info=&#8221;{}&#8221;][\/et_pb_image][\/et_pb_column][et_pb_column type=&#8221;1_2&#8243; _builder_version=&#8221;4.16&#8243; _module_preset=&#8221;default&#8221; global_colors_info=&#8221;{}&#8221;][et_pb_text _builder_version=&#8221;4.16.1&#8243; _module_preset=&#8221;default&#8221; header_font=&#8221;||||||||&#8221; header_4_font=&#8221;|700||on|||||&#8221; header_4_text_align=&#8221;center&#8221; header_4_font_size=&#8221;33px&#8221; global_colors_info=&#8221;{}&#8221;]<\/p>\n<h4>Our partners<\/h4>\n<p><\/p>\n<h4>\u2014<\/h4>\n<p><\/p>\n<h4>\u00a0<\/h4>\n<p>[\/et_pb_text][et_pb_text _builder_version=&#8221;4.27.4&#8243; _module_preset=&#8221;default&#8221; locked=&#8221;off&#8221; global_colors_info=&#8221;{}&#8221;]<\/p>\n<p><a href=\"https:\/\/www.julbo.com\/\" target=\"_blank\" rel=\"noopener\"><img loading=\"lazy\" decoding=\"async\" class=\"img-vertical-align-middle\" src=\"https:\/\/serrechevtt.fr\/wp-content\/uploads\/2022\/03\/julbo-partner-300x52.jpg\" alt=\"\" width=\"150\" height=\"26\" \/><\/a><a href=\"https:\/\/www.polygonbikes.com\/\" target=\"_blank\" rel=\"noopener\">.\u00a0 \u00a0\u00a0<\/a><a href=\"https:\/\/www.lapierrebikes.com\/\" target=\"_blank\" rel=\"noopener\"><img loading=\"lazy\" decoding=\"async\" class=\"img-vertical-align-middle\" src=\"https:\/\/serrechevtt.fr\/wp-content\/uploads\/2022\/03\/lp-partner.jpg\" alt=\"\" width=\"69\" height=\"79\" \/><\/a><a href=\"https:\/\/www.polygonbikes.com\/\" target=\"_blank\" rel=\"noopener\">.\u00a0 \u00a0\u00a0<\/a><a href=\"https:\/\/animoz-clothing.fr\/boutique\/\"><img loading=\"lazy\" decoding=\"async\" class=\"img-vertical-align-middle\" src=\"https:\/\/serrechevtt.fr\/wp-content\/uploads\/2024\/01\/animoz.jpg\" alt=\"\" width=\"138\" height=\"64\" \/><\/a><a href=\"https:\/\/www.polygonbikes.com\/\" target=\"_blank\" rel=\"noopener\">\u00a0\u00a0\u00a0<\/a><a href=\"https:\/\/www.polygonbikes.com\/\" target=\"_blank\" rel=\"noopener\"><img loading=\"lazy\" decoding=\"async\" class=\"img-vertical-align-middle\" src=\"https:\/\/serrechevtt.fr\/wp-content\/uploads\/2022\/03\/POLYGON-PARTNER-300x68.jpg\" alt=\"\" width=\"161\" height=\"36\" \/><\/a><a href=\"https:\/\/www.polygonbikes.com\/\" target=\"_blank\" rel=\"noopener\">\u00a0<img loading=\"lazy\" decoding=\"async\" class=\"img-vertical-align-middle\" src=\"https:\/\/serrechevtt.fr\/wp-content\/uploads\/2025\/03\/scott-300x86.jpg\" alt=\"\" width=\"181\" height=\"52\" \/><\/a><\/p>\n<p>[\/et_pb_text][\/et_pb_column][\/et_pb_row][et_pb_row column_structure=&#8221;1_2,1_2&#8243; make_equal=&#8221;on&#8221; _builder_version=&#8221;4.16&#8243; _module_preset=&#8221;default&#8221; custom_margin=&#8221;||50px||false|false&#8221; global_colors_info=&#8221;{}&#8221;][et_pb_column type=&#8221;1_2&#8243; _builder_version=&#8221;4.16&#8243; _module_preset=&#8221;default&#8221; custom_css_main_element=&#8221;margin:auto;&#8221; global_colors_info=&#8221;{}&#8221;][et_pb_text _builder_version=&#8221;4.16&#8243; _module_preset=&#8221;default&#8221; header_font=&#8221;||||||||&#8221; header_4_font=&#8221;|700||on|||||&#8221; header_4_text_align=&#8221;center&#8221; header_4_font_size=&#8221;33px&#8221; global_colors_info=&#8221;{}&#8221;]<\/p>\n<h4>Activities<\/h4>\n<p><\/p>\n<h4>\u2014<\/h4>\n<p><\/p>\n<h4>\u00a0<\/h4>\n<p>[\/et_pb_text][et_pb_text _builder_version=&#8221;4.16&#8243; _module_preset=&#8221;default&#8221; global_colors_info=&#8221;{}&#8221;]<\/p>\n<p>Canyon : <a href=\"https:\/\/www.canyonriver-trip.com\/fr\/\">https:\/\/www.canyonriver-trip.com\/fr\/<\/a> Rafting : <a href=\"https:\/\/www.canyonriver-trip.com\/fr\/\">https:\/\/www.canyonriver-trip.com\/fr\/<\/a> et <a href=\"https:\/\/www.youraft-serrechevalier.com\/\">https:\/\/www.youraft-serrechevalier.com\/<\/a> Treks et balades : Alex Puech 06-09-89-81-08 \/ alexandre.puech1@icloud.com<\/p>\n<p>[\/et_pb_text][\/et_pb_column][et_pb_column type=&#8221;1_2&#8243; _builder_version=&#8221;4.16&#8243; _module_preset=&#8221;default&#8221; custom_css_main_element=&#8221;margin:auto;&#8221; global_colors_info=&#8221;{}&#8221;]<\/p>\n<p>[et_pb_gallery gallery_ids=&#8221;655,656&#8243; fullwidth=&#8221;on&#8221; _builder_version=&#8221;4.16.0&#8243; _module_preset=&#8221;default&#8221; global_colors_info=&#8221;{}&#8221;][\/et_pb_gallery]<\/p>\n<p>[\/et_pb_column][\/et_pb_row][et_pb_row _builder_version=&#8221;4.16&#8243; _module_preset=&#8221;default&#8221; custom_margin=&#8221;||50px||false|false&#8221; global_colors_info=&#8221;{}&#8221;][et_pb_column type=&#8221;4_4&#8243; _builder_version=&#8221;4.16&#8243; _module_preset=&#8221;default&#8221; global_colors_info=&#8221;{}&#8221;][et_pb_text _builder_version=&#8221;4.16&#8243; _module_preset=&#8221;default&#8221; header_font=&#8221;||||||||&#8221; header_4_font=&#8221;|700||on|||||&#8221; header_4_text_align=&#8221;center&#8221; header_4_font_size=&#8221;33px&#8221; global_colors_info=&#8221;{}&#8221;]<\/p>\n<h4>Lodge<\/h4>\n<p><\/p>\n<h4>\u2014<\/h4>\n<p>[\/et_pb_text][et_pb_text _builder_version=&#8221;4.16&#8243; _module_preset=&#8221;default&#8221; global_colors_info=&#8221;{}&#8221;]<\/p>\n<p>We can put you in contact with many different types of accommodation. Please see the links below so that you can contact them directly Flat : from studios to 3 bedrooms<\/p>\n<p>[\/et_pb_text][\/et_pb_column][\/et_pb_row][et_pb_row column_structure=&#8221;1_3,1_3,1_3&#8243; use_custom_gutter=&#8221;on&#8221; gutter_width=&#8221;2&#8243; _builder_version=&#8221;4.16&#8243; _module_preset=&#8221;default&#8221; global_colors_info=&#8221;{}&#8221;][et_pb_column type=&#8221;1_3&#8243; _builder_version=&#8221;4.16&#8243; _module_preset=&#8221;default&#8221; global_colors_info=&#8221;{}&#8221;][dsm_card title=&#8221;Serre Chevalier %22La voute%22&#8243; image=&#8221;https:\/\/serrechevtt.fr\/wp-content\/uploads\/2022\/03\/CHEZ-FAFA-768&#215;1024.webp&#8221; content_padding=&#8221;20px|0px|20px|0px|true|true&#8221; button_text=&#8221;Watch on airbnb&#8221; button_url=&#8221;https:\/\/abnb.me\/S9n6XmZRonb&#8221; button_url_new_window=&#8221;on&#8221; _builder_version=&#8221;4.16&#8243; _module_preset=&#8221;default&#8221; custom_button=&#8221;on&#8221; button_text_color=&#8221;#FFFFFF&#8221; button_bg_color=&#8221;#ff395b&#8221; button_border_width=&#8221;0px&#8221; button_border_radius=&#8221;100px&#8221; button_letter_spacing=&#8221;0px&#8221; button_icon=&#8221;&#xf834;||fa||400&#8243; global_colors_info=&#8221;{}&#8221;]<\/p>\n<p>4 voyageurs \/ 2 chambres \/ 2 lits \/ 1 salle de bain<\/p>\n<p>[\/dsm_card][\/et_pb_column][et_pb_column type=&#8221;1_3&#8243; _builder_version=&#8221;4.16&#8243; _module_preset=&#8221;default&#8221; global_colors_info=&#8221;{}&#8221;][dsm_card title=&#8221;Appartement Duplex avec Jardin attenant&#8221; image=&#8221;https:\/\/serrechevtt.fr\/wp-content\/uploads\/2022\/03\/CHEZ-JOJO-DUPLEX-1024&#215;683.webp&#8221; content_padding=&#8221;20px|0px|20px|0px|true|true&#8221; button_text=&#8221;Watch on airbnb&#8221; button_url=&#8221;https:\/\/abnb.me\/j2EFOFhSonb&#8221; button_url_new_window=&#8221;on&#8221; _builder_version=&#8221;4.16&#8243; _module_preset=&#8221;default&#8221; custom_button=&#8221;on&#8221; button_text_color=&#8221;#FFFFFF&#8221; button_bg_color=&#8221;#ff395b&#8221; button_border_width=&#8221;0px&#8221; button_border_radius=&#8221;100px&#8221; button_letter_spacing=&#8221;0px&#8221; button_icon=&#8221;&#xf834;||fa||400&#8243; global_colors_info=&#8221;{}&#8221;]<\/p>\n<p>5 voyageurs \/ 2 chambres \/ 3 lits \/ 1 salle de bain<\/p>\n<p>[\/dsm_card][\/et_pb_column][et_pb_column type=&#8221;1_3&#8243; _builder_version=&#8221;4.16&#8243; _module_preset=&#8221;default&#8221; global_colors_info=&#8221;{}&#8221;][dsm_card title=&#8221;Petit Chalet Montagne avec Terrasse&#8221; image=&#8221;https:\/\/serrechevtt.fr\/wp-content\/uploads\/2022\/03\/CHEZ-JOJO-CHALET-1024&#215;725.jpeg&#8221; content_padding=&#8221;20px|0px|20px|0px|true|true&#8221; button_text=&#8221;Watch on airbnb&#8221; button_url=&#8221;https:\/\/abnb.me\/39mqgKkSonb&#8221; button_url_new_window=&#8221;on&#8221; _builder_version=&#8221;4.16&#8243; _module_preset=&#8221;default&#8221; custom_button=&#8221;on&#8221; button_text_color=&#8221;#FFFFFF&#8221; button_bg_color=&#8221;#ff395b&#8221; button_border_width=&#8221;0px&#8221; button_border_radius=&#8221;100px&#8221; button_letter_spacing=&#8221;0px&#8221; button_icon=&#8221;&#xf834;||fa||400&#8243; global_colors_info=&#8221;{}&#8221;]<\/p>\n<div class=\"_178zopn\">\n<div>5 voyageurs \/ 2 chambres \/ 3 lits \/ 1 salle de bain<\/div>\n<p><\/div>\n<p>[\/dsm_card][\/et_pb_column][\/et_pb_row][et_pb_row column_structure=&#8221;1_3,1_3,1_3&#8243; use_custom_gutter=&#8221;on&#8221; gutter_width=&#8221;2&#8243; _builder_version=&#8221;4.16&#8243; _module_preset=&#8221;default&#8221; global_colors_info=&#8221;{}&#8221;][et_pb_column type=&#8221;1_3&#8243; _builder_version=&#8221;4.16&#8243; _module_preset=&#8221;default&#8221; global_colors_info=&#8221;{}&#8221;][dsm_card title=&#8221;Appartement de montagne Brian\u00e7on&#8221; image=&#8221;https:\/\/serrechevtt.fr\/wp-content\/uploads\/2022\/03\/CHEZ-GAELLE-01.jpeg&#8221; content_padding=&#8221;20px|0px|20px|0px|true|true&#8221; button_text=&#8221;Watch on booking&#8221; button_url=&#8221;http:\/\/www.booking.com\/Share-JZIMZM&#8221; button_url_new_window=&#8221;on&#8221; _builder_version=&#8221;4.16&#8243; _module_preset=&#8221;default&#8221; custom_button=&#8221;on&#8221; button_text_color=&#8221;#FFFFFF&#8221; button_bg_color=&#8221;#00357f&#8221; button_border_width=&#8221;0px&#8221; button_border_radius=&#8221;100px&#8221; button_letter_spacing=&#8221;0px&#8221; button_use_icon=&#8221;off&#8221; global_colors_info=&#8221;{}&#8221;]<\/p>\n<p>A 8km de Chantemerle et \u00e0 3,6 km de Serre Chevalier. Vous s\u00e9journerez \u00e0 3,6 km de Serre Chevalier Brian\u00e7on. Vous b\u00e9n\u00e9ficierez d&#8217;un parking priv\u00e9 sur place et d&#8217;une connexion Wi-Fi gratuite. Cet appartement comprend une chambre, une salle de bains, du linge de lit, des serviettes, une t\u00e9l\u00e9vision \u00e0 \u00e9cran plat, un coin repas, une cuisine enti\u00e8rement \u00e9quip\u00e9e et un balcon avec vue sur la montagne.<\/p>\n<p>[\/dsm_card][\/et_pb_column][et_pb_column type=&#8221;1_3&#8243; _builder_version=&#8221;4.16&#8243; _module_preset=&#8221;default&#8221; global_colors_info=&#8221;{}&#8221;][dsm_card title=&#8221;Studio des Eterlous&#8221; image=&#8221;https:\/\/serrechevtt.fr\/wp-content\/uploads\/2022\/03\/CHEZ-GAELLE-02.jpeg&#8221; content_padding=&#8221;20px|0px|20px|0px|true|true&#8221; button_text=&#8221;Watch on booking&#8221; button_url=&#8221;http:\/\/www.booking.com\/Share-XuWcQF&#8221; button_url_new_window=&#8221;on&#8221; _builder_version=&#8221;4.16&#8243; _module_preset=&#8221;default&#8221; custom_button=&#8221;on&#8221; button_text_color=&#8221;#FFFFFF&#8221; button_bg_color=&#8221;#00357f&#8221; button_border_width=&#8221;0px&#8221; button_border_radius=&#8221;100px&#8221; button_letter_spacing=&#8221;0px&#8221; button_use_icon=&#8221;off&#8221; global_colors_info=&#8221;{}&#8221;]<\/p>\n<p>Le Studio des Eterlous est situ\u00e9 \u00e0 Saint-Chaffrey. Vous s\u00e9journerez \u00e0 34 km de Saint-V\u00e9ran et b\u00e9n\u00e9ficierez d&#8217;un parking priv\u00e9 gratuit. Cet appartement comprend un coin salon, une cuisine avec un four et une t\u00e9l\u00e9vision \u00e0 \u00e9cran plat. Vous s\u00e9journerez \u00e0 6 km de Brian\u00e7on et \u00e0 42 km d&#8217;Embrun.<\/p>\n<p>[\/dsm_card][\/et_pb_column][et_pb_column type=&#8221;1_3&#8243; _builder_version=&#8221;4.16&#8243; _module_preset=&#8221;default&#8221; global_colors_info=&#8221;{}&#8221;][dsm_card title=&#8221;studio chambres mezzanine&#8221; image=&#8221;https:\/\/serrechevtt.fr\/wp-content\/uploads\/2022\/03\/CHEZ-GAELLE-STUDIO.jpeg&#8221; content_padding=&#8221;20px|0px|20px|0px|true|true&#8221; button_text=&#8221;Watch on booking&#8221; button_url=&#8221;http:\/\/www.booking.com\/Share-M9Kgw9&#8243; button_url_new_window=&#8221;on&#8221; _builder_version=&#8221;4.16&#8243; _module_preset=&#8221;default&#8221; custom_button=&#8221;on&#8221; button_text_color=&#8221;#FFFFFF&#8221; button_bg_color=&#8221;#00357f&#8221; button_border_width=&#8221;0px&#8221; button_border_radius=&#8221;100px&#8221; button_letter_spacing=&#8221;0px&#8221; button_use_icon=&#8221;off&#8221; global_colors_info=&#8221;{}&#8221;]<\/p>\n<p>Situ\u00e9 \u00e0 Saint-Chaffrey, le studio chambres mezzanine propose un h\u00e9bergement avec une terrasse et une connexion Wi-Fi gratuite. Saint-V\u00e9ran est \u00e0 34 km. Cet appartement comprend 2 chambres, une salle de bains, du linge de lit, des serviettes, une t\u00e9l\u00e9vision par satellite \u00e0 \u00e9cran plat, un coin repas, une kitchenette enti\u00e8rement \u00e9quip\u00e9e et un balcon avec vue sur la montagne. La r\u00e9gion est pris\u00e9e pour pratiquer la randonn\u00e9e, le ski et le v\u00e9lo. Un local \u00e0 skis est disponible sur place. Vous s\u00e9journerez \u00e0 6 km de Brian\u00e7on et \u00e0 42 km d&#8217;Embrun.<\/p>\n<p>[\/dsm_card][\/et_pb_column][\/et_pb_row][et_pb_row use_custom_gutter=&#8221;on&#8221; gutter_width=&#8221;2&#8243; _builder_version=&#8221;4.16&#8243; _module_preset=&#8221;default&#8221; global_colors_info=&#8221;{}&#8221;][et_pb_column type=&#8221;4_4&#8243; _builder_version=&#8221;4.16&#8243; _module_preset=&#8221;default&#8221; global_colors_info=&#8221;{}&#8221;][dsm_card title=&#8221;Appartement de montagne Brian\u00e7on&#8221; image=&#8221;https:\/\/serrechevtt.fr\/wp-content\/uploads\/2022\/03\/CHALET-PRESTIGE.webp&#8221; content_padding=&#8221;20px|0px|20px|0px|true|true&#8221; button_text=&#8221;See Website&#8221; button_url=&#8221;https:\/\/www.chalet-prestige.com\/&#8221; button_url_new_window=&#8221;on&#8221; _builder_version=&#8221;4.16&#8243; _module_preset=&#8221;default&#8221; custom_button=&#8221;on&#8221; button_text_color=&#8221;#FFFFFF&#8221; button_bg_color=&#8221;#1690ff&#8221; button_border_width=&#8221;0px&#8221; button_border_radius=&#8221;100px&#8221; button_letter_spacing=&#8221;0px&#8221; button_use_icon=&#8221;off&#8221; global_colors_info=&#8221;{}&#8221;]<\/p>\n<p>UNE SELECTION UNIQUE, DES SERVICES SUR MESURE, UNE DISPONIBILIT\u00c9 TOTALE Nos chalets LUXE &amp; SPA et nos chalets LUXE\u00e0 la location \u00e0 Serre Chevalier<\/p>\n<p>[\/dsm_card][\/et_pb_column][\/et_pb_row][\/et_pb_section]<\/p>\n","protected":false},"excerpt":{"rendered":"<p><div class=\"et_pb_module dsm_block_reveal_text dsm_block_reveal_text_0\">\n\t\t\t\t\n\t\t\t\t\n\t\t\t\t\n\t\t\t\t\n\t\t\t\t\n\t\t\t\t\n\t\t\t\t<div class=\"et_pb_module_inner\">\n\t\t\t\t\t<div class=\"dsm_block_reveal_text_wrapper\" data-dsm-block-reveal-animation=\"lr\" data-dsm-block-reveal-color=\"#FFFFFF\" data-dsm-block-reveal-delay=\"0.1\" data-dsm-block-reveal-viewport=\"80%\"><\/div>\n\t\t\t\t<\/div>\n\t\t\t<\/div>Our mountain bike school\u2014\u00a0Since 2017, Serre Che VTT, has united many instructors and clients.\u00a0 Due to professionalism and expertise, the school lives up to its reputation.Currently we are a team of 14 very versatile instructors, some former competitors and each one of us is here to help you enjoy mountain biking and itching to show you our favorite rides.You\u2019ll have the chance to ride our different bike models that we renew every season and are serviced after every ride. Comfort and quality is guaranteed.Our school is ideally located, spacious and modern, in the heart of the village, La Salle Les Alpes, a stone&#8217;s throw from the BMX course and the start of the ski lifts.Come and see for yourself !!!<div class=\"et_pb_module dsm_card_carousel dsm_card_carousel_0 dsm_card_carousel_layout_stacked  dsm_card_carousel_equal_height dsm_card_carousel_arrow_outside dsm_card_carousel_arrow_mobile_inside\">\n\t\t\t\t\n\t\t\t\t\n\t\t\t\t\n\t\t\t\t\n\t\t\t\t\n\t\t\t\t\n\t\t\t\t<div class=\"et_pb_module_inner\">\n\t\t\t\t\t\n\t\t\t\n\t\t\t<div class=\"swiper-container dsm_card_carousel_wrapper\" dir=\"ltr\" data-params=\"[{&quot;direction&quot;:&quot;horizontal&quot;,&quot;effect&quot;:&quot;default&quot;,&quot;slider_effect_shadows&quot;:false,&quot;slider_effect_coverflow_rotate&quot;:&quot;30&quot;,&quot;slider_effect_coverflow_depth&quot;:&quot;0&quot;,&quot;loop&quot;:true,&quot;infinite_smooth_scrolling&quot;:false,&quot;slide_to_show&quot;:&quot;1&quot;,&quot;slide_to_show_tablet&quot;:&quot;1&quot;,&quot;slide_to_show_phone&quot;:&quot;1&quot;,&quot;slide_to_scroll&quot;:&quot;1&quot;,&quot;slide_to_scroll_tablet&quot;:&quot;1&quot;,&quot;slide_to_scroll_phone&quot;:&quot;1&quot;,&quot;space_between&quot;:&quot;0&quot;,&quot;space_between_tablet&quot;:&quot;0&quot;,&quot;space_between_phone&quot;:&quot;0&quot;,&quot;centered_slides&quot;:false,&quot;multiple_slide_row&quot;:&quot;off&quot;,&quot;slide_row&quot;:&quot;1&quot;,&quot;slide_row_tablet&quot;:&quot;1&quot;,&quot;slide_row_phone&quot;:&quot;1&quot;,&quot;speed&quot;:&quot;300&quot;,&quot;autoplay&quot;:true,&quot;autoplay_speed&quot;:&quot;3000&quot;,&quot;autoplay_viewport&quot;:&quot;80%&quot;,&quot;touch_move&quot;:true,&quot;grab&quot;:true,&quot;pause_on_hover&quot;:true,&quot;mousewheel&quot;:false,&quot;auto_height&quot;:false,&quot;equal_height&quot;:false,&quot;equal_height_tablet&quot;:true,&quot;equal_height_phone&quot;:true}]\">\n\t\t\t<div class=\"swiper-wrapper\"><\/div>\n\t\t\t<\/div><div class=\"swiper-button-prev dsm_card_carousel_arrow\" data-icon=\"4\"><\/div><div class=\"swiper-button-next dsm_card_carousel_arrow\" data-icon=\"5\"><\/div><div class=\"swiper-pagination dsm_card_carousel_pagination\"><\/div>\n\t\t\t\t<\/div>\n\t\t\t<\/div><div class=\"dsm_card_carousel_child dsm_card_carousel_child_0 swiper-slide\">\n\t\t\t\t\n\t\t\t\t\n\t\t\t\t\n\t\t\t\t\n\t\t\t\t\n\t\t\t\t\n\t\t\t\t<div class=\"et_pb_module_inner\">\n\t\t\t\t\t\n\t\t\t\n\t\t\t<figure class=\"dsm_card_carousel_child_image_wrapper dsm_card_carousel_child_badge_top_right\"><div class=\"dsm_card_carousel_child_image_background dsm_card_carousel_child_img\"><\/div><\/figure>\n\t\t\t<div class=\"dsm_card_wrapper et_pb_text_align_left et_pb_bg_layout_light\">\n\t\t\t\t\t<h4 class=\"dsm_card_title et_pb_module_header\">Greg b | FR - EN<\/h4>\n\t\t\t\t\t<div class=\"dsm_card_carousel_child_subtitle\">Sp\u00e9cialit\u00e9 Enduro \/ All Mountain \/ BIKE PARK<\/div>\n\t\t\t\t\t\n\t\t\t\t\t\n\t\t\t\t<\/div>\n\t\t\t\t<\/div>\n\t\t\t<\/div>Serre Che VTT is fortunate to have a team of instructors who are ultra versatile, competent and above all very friendly !!! Each of us will do our ultimate best to ensure you have a great time on [&hellip;]<\/p>\n","protected":false},"author":1,"featured_media":0,"parent":0,"menu_order":0,"comment_status":"closed","ping_status":"closed","template":"","meta":{"_et_pb_use_builder":"on","_et_pb_old_content":"","_et_gb_content_width":"","inline_featured_image":false,"footnotes":""},"class_list":["post-710","page","type-page","status-publish","hentry"],"yoast_head":"<!-- This site is optimized with the Yoast SEO plugin v27.5 - https:\/\/yoast.com\/product\/yoast-seo-wordpress\/ -->\n<title>Moniteurs VTT Serre Chevalier | Matos &amp; Bons | Serreche VTT<\/title>\n<meta name=\"description\" content=\"Nos moniteurs de VTT \u00e0 Serre Chevalier sont tous dipl\u00f4m\u00e9s d\u2019\u00c9tat. Passionn\u00e9s de VTT, ils connaissent les circuits VTT de Serre Che sur le bout des p\u00e9dales.\" \/>\n<meta name=\"robots\" content=\"index, follow, max-snippet:-1, max-image-preview:large, max-video-preview:-1\" \/>\n<link rel=\"canonical\" href=\"https:\/\/serrechevtt.fr\/en\/school-equipment\/\" \/>\n<meta property=\"og:locale\" content=\"en_US\" \/>\n<meta property=\"og:type\" content=\"article\" \/>\n<meta property=\"og:title\" content=\"Moniteurs VTT Serre Chevalier | Matos &amp; Bons | Serreche VTT\" \/>\n<meta property=\"og:description\" content=\"Nos moniteurs de VTT \u00e0 Serre Chevalier sont tous dipl\u00f4m\u00e9s d\u2019\u00c9tat. Passionn\u00e9s de VTT, ils connaissent les circuits VTT de Serre Che sur le bout des p\u00e9dales.\" \/>\n<meta property=\"og:url\" content=\"https:\/\/serrechevtt.fr\/en\/school-equipment\/\" \/>\n<meta property=\"og:site_name\" content=\"SerrecheVTT\" \/>\n<meta property=\"article:modified_time\" content=\"2026-03-05T07:55:29+00:00\" \/>\n<meta property=\"og:image\" content=\"https:\/\/serrechevtt.fr\/wp-content\/uploads\/2022\/04\/logo-serrechevtt-white.png\" \/>\n\t<meta property=\"og:image:width\" content=\"500\" \/>\n\t<meta property=\"og:image:height\" content=\"275\" \/>\n\t<meta property=\"og:image:type\" content=\"image\/png\" \/>\n<meta name=\"twitter:card\" content=\"summary_large_image\" \/>\n<meta name=\"twitter:label1\" content=\"Est. reading time\" \/>\n\t<meta name=\"twitter:data1\" content=\"15 minutes\" \/>\n<script type=\"application\/ld+json\" class=\"yoast-schema-graph\">{\"@context\":\"https:\\\/\\\/schema.org\",\"@graph\":[{\"@type\":\"WebPage\",\"@id\":\"https:\\\/\\\/serrechevtt.fr\\\/en\\\/school-equipment\\\/\",\"url\":\"https:\\\/\\\/serrechevtt.fr\\\/en\\\/school-equipment\\\/\",\"name\":\"Moniteurs VTT Serre Chevalier | Matos & Bons | Serreche VTT\",\"isPartOf\":{\"@id\":\"https:\\\/\\\/serrechevtt.fr\\\/en\\\/#website\"},\"primaryImageOfPage\":{\"@id\":\"https:\\\/\\\/serrechevtt.fr\\\/en\\\/school-equipment\\\/#primaryimage\"},\"image\":{\"@id\":\"https:\\\/\\\/serrechevtt.fr\\\/en\\\/school-equipment\\\/#primaryimage\"},\"thumbnailUrl\":\"https:\\\/\\\/serrechevtt.fr\\\/wp-content\\\/uploads\\\/2022\\\/04\\\/logo-serrechevtt-white-300x165.png\",\"datePublished\":\"2022-03-22T09:37:41+00:00\",\"dateModified\":\"2026-03-05T07:55:29+00:00\",\"description\":\"Nos moniteurs de VTT \u00e0 Serre Chevalier sont tous dipl\u00f4m\u00e9s d\u2019\u00c9tat. Passionn\u00e9s de VTT, ils connaissent les circuits VTT de Serre Che sur le bout des p\u00e9dales.\",\"breadcrumb\":{\"@id\":\"https:\\\/\\\/serrechevtt.fr\\\/en\\\/school-equipment\\\/#breadcrumb\"},\"inLanguage\":\"en-US\",\"potentialAction\":[{\"@type\":\"ReadAction\",\"target\":[\"https:\\\/\\\/serrechevtt.fr\\\/en\\\/school-equipment\\\/\"]}]},{\"@type\":\"ImageObject\",\"inLanguage\":\"en-US\",\"@id\":\"https:\\\/\\\/serrechevtt.fr\\\/en\\\/school-equipment\\\/#primaryimage\",\"url\":\"https:\\\/\\\/serrechevtt.fr\\\/wp-content\\\/uploads\\\/2022\\\/04\\\/logo-serrechevtt-white-300x165.png\",\"contentUrl\":\"https:\\\/\\\/serrechevtt.fr\\\/wp-content\\\/uploads\\\/2022\\\/04\\\/logo-serrechevtt-white-300x165.png\"},{\"@type\":\"BreadcrumbList\",\"@id\":\"https:\\\/\\\/serrechevtt.fr\\\/en\\\/school-equipment\\\/#breadcrumb\",\"itemListElement\":[{\"@type\":\"ListItem\",\"position\":1,\"name\":\"Accueil\",\"item\":\"https:\\\/\\\/serrechevtt.fr\\\/en\\\/\"},{\"@type\":\"ListItem\",\"position\":2,\"name\":\"SCHOOL \\\/ EQUIPMENT \\\/ LODGE\"}]},{\"@type\":\"WebSite\",\"@id\":\"https:\\\/\\\/serrechevtt.fr\\\/en\\\/#website\",\"url\":\"https:\\\/\\\/serrechevtt.fr\\\/en\\\/\",\"name\":\"SerrecheVTT\",\"description\":\"Ecole de VTT \u00e0 Serre-Chevalier\",\"potentialAction\":[{\"@type\":\"SearchAction\",\"target\":{\"@type\":\"EntryPoint\",\"urlTemplate\":\"https:\\\/\\\/serrechevtt.fr\\\/en\\\/?s={search_term_string}\"},\"query-input\":{\"@type\":\"PropertyValueSpecification\",\"valueRequired\":true,\"valueName\":\"search_term_string\"}}],\"inLanguage\":\"en-US\"}]}<\/script>\n<!-- \/ Yoast SEO plugin. -->","yoast_head_json":{"title":"Moniteurs VTT Serre Chevalier | Matos & Bons | Serreche VTT","description":"Nos moniteurs de VTT \u00e0 Serre Chevalier sont tous dipl\u00f4m\u00e9s d\u2019\u00c9tat. Passionn\u00e9s de VTT, ils connaissent les circuits VTT de Serre Che sur le bout des p\u00e9dales.","robots":{"index":"index","follow":"follow","max-snippet":"max-snippet:-1","max-image-preview":"max-image-preview:large","max-video-preview":"max-video-preview:-1"},"canonical":"https:\/\/serrechevtt.fr\/en\/school-equipment\/","og_locale":"en_US","og_type":"article","og_title":"Moniteurs VTT Serre Chevalier | Matos & Bons | Serreche VTT","og_description":"Nos moniteurs de VTT \u00e0 Serre Chevalier sont tous dipl\u00f4m\u00e9s d\u2019\u00c9tat. Passionn\u00e9s de VTT, ils connaissent les circuits VTT de Serre Che sur le bout des p\u00e9dales.","og_url":"https:\/\/serrechevtt.fr\/en\/school-equipment\/","og_site_name":"SerrecheVTT","article_modified_time":"2026-03-05T07:55:29+00:00","og_image":[{"width":500,"height":275,"url":"https:\/\/serrechevtt.fr\/wp-content\/uploads\/2022\/04\/logo-serrechevtt-white.png","type":"image\/png"}],"twitter_card":"summary_large_image","twitter_misc":{"Est. reading time":"15 minutes"},"schema":{"@context":"https:\/\/schema.org","@graph":[{"@type":"WebPage","@id":"https:\/\/serrechevtt.fr\/en\/school-equipment\/","url":"https:\/\/serrechevtt.fr\/en\/school-equipment\/","name":"Moniteurs VTT Serre Chevalier | Matos & Bons | Serreche VTT","isPartOf":{"@id":"https:\/\/serrechevtt.fr\/en\/#website"},"primaryImageOfPage":{"@id":"https:\/\/serrechevtt.fr\/en\/school-equipment\/#primaryimage"},"image":{"@id":"https:\/\/serrechevtt.fr\/en\/school-equipment\/#primaryimage"},"thumbnailUrl":"https:\/\/serrechevtt.fr\/wp-content\/uploads\/2022\/04\/logo-serrechevtt-white-300x165.png","datePublished":"2022-03-22T09:37:41+00:00","dateModified":"2026-03-05T07:55:29+00:00","description":"Nos moniteurs de VTT \u00e0 Serre Chevalier sont tous dipl\u00f4m\u00e9s d\u2019\u00c9tat. Passionn\u00e9s de VTT, ils connaissent les circuits VTT de Serre Che sur le bout des p\u00e9dales.","breadcrumb":{"@id":"https:\/\/serrechevtt.fr\/en\/school-equipment\/#breadcrumb"},"inLanguage":"en-US","potentialAction":[{"@type":"ReadAction","target":["https:\/\/serrechevtt.fr\/en\/school-equipment\/"]}]},{"@type":"ImageObject","inLanguage":"en-US","@id":"https:\/\/serrechevtt.fr\/en\/school-equipment\/#primaryimage","url":"https:\/\/serrechevtt.fr\/wp-content\/uploads\/2022\/04\/logo-serrechevtt-white-300x165.png","contentUrl":"https:\/\/serrechevtt.fr\/wp-content\/uploads\/2022\/04\/logo-serrechevtt-white-300x165.png"},{"@type":"BreadcrumbList","@id":"https:\/\/serrechevtt.fr\/en\/school-equipment\/#breadcrumb","itemListElement":[{"@type":"ListItem","position":1,"name":"Accueil","item":"https:\/\/serrechevtt.fr\/en\/"},{"@type":"ListItem","position":2,"name":"SCHOOL \/ EQUIPMENT \/ LODGE"}]},{"@type":"WebSite","@id":"https:\/\/serrechevtt.fr\/en\/#website","url":"https:\/\/serrechevtt.fr\/en\/","name":"SerrecheVTT","description":"Ecole de VTT \u00e0 Serre-Chevalier","potentialAction":[{"@type":"SearchAction","target":{"@type":"EntryPoint","urlTemplate":"https:\/\/serrechevtt.fr\/en\/?s={search_term_string}"},"query-input":{"@type":"PropertyValueSpecification","valueRequired":true,"valueName":"search_term_string"}}],"inLanguage":"en-US"}]}},"_links":{"self":[{"href":"https:\/\/serrechevtt.fr\/en\/wp-json\/wp\/v2\/pages\/710","targetHints":{"allow":["GET"]}}],"collection":[{"href":"https:\/\/serrechevtt.fr\/en\/wp-json\/wp\/v2\/pages"}],"about":[{"href":"https:\/\/serrechevtt.fr\/en\/wp-json\/wp\/v2\/types\/page"}],"author":[{"embeddable":true,"href":"https:\/\/serrechevtt.fr\/en\/wp-json\/wp\/v2\/users\/1"}],"replies":[{"embeddable":true,"href":"https:\/\/serrechevtt.fr\/en\/wp-json\/wp\/v2\/comments?post=710"}],"version-history":[{"count":44,"href":"https:\/\/serrechevtt.fr\/en\/wp-json\/wp\/v2\/pages\/710\/revisions"}],"predecessor-version":[{"id":1556,"href":"https:\/\/serrechevtt.fr\/en\/wp-json\/wp\/v2\/pages\/710\/revisions\/1556"}],"wp:attachment":[{"href":"https:\/\/serrechevtt.fr\/en\/wp-json\/wp\/v2\/media?parent=710"}],"curies":[{"name":"wp","href":"https:\/\/api.w.org\/{rel}","templated":true}]}}